{"id":11,"date":"2023-12-25T11:10:59","date_gmt":"2023-12-25T09:10:59","guid":{"rendered":"https:\/\/pietikaistensukuseura.fi\/wip\/?page_id=11"},"modified":"2023-12-25T11:31:16","modified_gmt":"2023-12-25T09:31:16","slug":"pietikaisten-sukuhistoria","status":"publish","type":"page","link":"https:\/\/pietikaistensukuseura.fi\/wip\/?page_id=11","title":{"rendered":"Pietik\u00e4isten sukuhistoria"},"content":{"rendered":"\n<p>KATSAUS PIETIK\u00c4ISTEN SUVUN POHJOISIMMAN SAVON SEUTUHISTORIAAN<\/p>\n\n\n\n<p>&#8221;Sitten tapahtui, ett\u00e4 meit\u00e4 alkoi kasvaa liian monta yhdelle tilalle, niin ett\u00e4 emme voineet siin\u00e4 en\u00e4\u00e4 el\u00e4\u00e4. Sen vuoksi erosimme toisistamme ja rakensimme taloja takamaillemme.&#8221;<\/p>\n\n\n\n<p>T\u00e4m\u00e4 on ote Savon talonpoikien valituskirjelm\u00e4st\u00e4 kuninkaalleen Kustaa Vaasalle vuonna 1545. Aiheen t\u00e4h\u00e4n valituskirjelm\u00e4\u00e4n talonpojat saivat Kustaa Vaasan t\u00e4nne l\u00e4hett\u00e4m\u00e4n Clemetti-kirjurin toimenpiteist\u00e4. Ei nimitt\u00e4in riitt\u00e4nyt, ett\u00e4 talonpojat onnistuivat maksamaan raskaan veronsa, heit\u00e4 rangaistiinkin, koska he olivat luvatta ottaneet haltuunsa kruunun maita ja viljelleet niit\u00e4. Valituskirjelm\u00e4 on dokumentti Pohjois-Savon asuttamisesta ja my\u00f6s Pietik\u00e4isten suvun vaiheista. Se on sukumme historiaan hyvin l\u00e4heisesti liittyv\u00e4 asiakirja. Kun viel\u00e4 palautamme mieliimme samassa talonpoikien valituskirjelm\u00e4ss\u00e4 mainitun toisen Lapinkorpeen siirtymisen syyn, raskaan verotuksen, alkavat selkiinty\u00e4 ne syyt, jotka olivat ratkaisseet esi-isiemme rintamailta l\u00e4hd\u00f6n kauaksi tuntemattomaan er\u00e4maahan, kamppailemaan armotonta luontoa vastaan, uudisasukkaana alueelle, joka ennen oli ollut vain er\u00e4st\u00e4jien k\u00e4yntien kohteena.<\/p>\n\n\n\n<p>Kuten tunnettua, valtakunnan it\u00e4raja oli 1500-luvun alkupuolella varsin ep\u00e4m\u00e4\u00e4r\u00e4inen k\u00e4site. Virallisesti se kulki Pohjois-Savossa Pielaveden Rautalammin vesist\u00f6\u00e4 pitkin Suonenjoelle ja edelleen vesi\u00e4 my\u00f6ten Savonlinnaan ja siit\u00e4 etel\u00e4\u00e4n. Uudisasutus ei juuri rajasta tiennyt, eiv\u00e4tk\u00e4 siit\u00e4 tienneet &#8211; tai ei tahtoneet tiet\u00e4\u00e4 my\u00f6sk\u00e4\u00e4n Ruotsin kruunun t\u00e4nne l\u00e4hett\u00e4m\u00e4t virkamiehet. Rintamailta t\u00e4nne muuttanut uudisasukas maksoi veronsa, sik\u00e4li kun maksoi, sen kantatalon verojen mukana, mist\u00e4 h\u00e4n alun perin oli l\u00e4htenyt ja jonka takamaille h\u00e4n tupansa oli rakentanut. T\u00e4m\u00e4 tilanne jatkui aina Tavisalmen hallintopit\u00e4j\u00e4n perustamiseen, eli vuoteen 1548 saakka. Asiakirjat, jotka luovat valaistusta ja tuovat tietoa kyseess\u00e4 olevalta ajalta ovat voutien pit\u00e4m\u00e4t veronkantoluettelot. Niit\u00e4 on tallessa vuodesta 1540 l\u00e4htien ja niiden sis\u00e4lt\u00e4mien tietojen mukaan on mahdollista seurata my\u00f6s oman sukumme vaiheita aina 1540-luvulta n\u00e4ihin p\u00e4iviin saakka. Ne eiv\u00e4t suorastaan kerro kuka ja koska t\u00e4nne ensiksi muutti, eik\u00e4 niist\u00e4 k\u00e4y ilmi muuttajien lukum\u00e4\u00e4r\u00e4k\u00e4\u00e4n, mutta p\u00e4\u00e4ttelem\u00e4ll\u00e4 ja vertailemalla eri tietol\u00e4hteiden tietoja p\u00e4\u00e4st\u00e4\u00e4n uskoakseni melko tarkkaan tulokseen.<\/p>\n\n\n\n<p>Lue lis\u00e4\u00e4&nbsp;<a href=\"http:\/\/pietikaistensukuseura.fi\/historia.pdf\">t\u00e4\u00e4lt\u00e4<\/a>.<\/p>\n","protected":false},"excerpt":{"rendered":"<p>KATSAUS PIETIK\u00c4ISTEN SUVUN POHJOISIMMAN SAVON SEUTUHISTORIAAN &#8221;Sitten tapahtui, ett\u00e4 meit\u00e4 alkoi kasvaa liian monta yhdelle tilalle, niin ett\u00e4 emme voineet siin\u00e4 en\u00e4\u00e4 el\u00e4\u00e4. Sen vuoksi erosimme toisistamme ja rakensimme taloja takamaillemme.&#8221; T\u00e4m\u00e4 on ote Savon talonpoikien valituskirjelm\u00e4st\u00e4 kuninkaalleen Kustaa Vaasalle vuonna 1545. Aiheen t\u00e4h\u00e4n valituskirjelm\u00e4\u00e4n talonpojat saivat Kustaa Vaasan t\u00e4nne l\u00e4hett\u00e4m\u00e4n Clemetti-kirjurin toimenpiteist\u00e4. Ei nimitt\u00e4in &hellip; <a href=\"https:\/\/pietikaistensukuseura.fi\/wip\/?page_id=11\" class=\"more-link\">Jatka artikkeliin <span class=\"screen-reader-text\">Pietik\u00e4isten sukuhistoria<\/span><\/a><\/p>\n","protected":false},"author":1,"featured_media":0,"parent":0,"menu_order":0,"comment_status":"closed","ping_status":"closed","template":"","meta":{"footnotes":""},"class_list":["post-11","page","type-page","status-publish","hentry"],"_links":{"self":[{"href":"https:\/\/pietikaistensukuseura.fi\/wip\/index.php?rest_route=\/wp\/v2\/pages\/11","targetHints":{"allow":["GET"]}}],"collection":[{"href":"https:\/\/pietikaistensukuseura.fi\/wip\/index.php?rest_route=\/wp\/v2\/pages"}],"about":[{"href":"https:\/\/pietikaistensukuseura.fi\/wip\/index.php?rest_route=\/wp\/v2\/types\/page"}],"author":[{"embeddable":true,"href":"https:\/\/pietikaistensukuseura.fi\/wip\/index.php?rest_route=\/wp\/v2\/users\/1"}],"replies":[{"embeddable":true,"href":"https:\/\/pietikaistensukuseura.fi\/wip\/index.php?rest_route=%2Fwp%2Fv2%2Fcomments&post=11"}],"version-history":[{"count":2,"href":"https:\/\/pietikaistensukuseura.fi\/wip\/index.php?rest_route=\/wp\/v2\/pages\/11\/revisions"}],"predecessor-version":[{"id":45,"href":"https:\/\/pietikaistensukuseura.fi\/wip\/index.php?rest_route=\/wp\/v2\/pages\/11\/revisions\/45"}],"wp:attachment":[{"href":"https:\/\/pietikaistensukuseura.fi\/wip\/index.php?rest_route=%2Fwp%2Fv2%2Fmedia&parent=11"}],"curies":[{"name":"wp","href":"https:\/\/api.w.org\/{rel}","templated":true}]}}